{"id":1449,"date":"2018-03-14T11:52:55","date_gmt":"2018-03-14T11:52:55","guid":{"rendered":"https:\/\/grupotesco.com\/responsabilidad-social-corporativa\/"},"modified":"2018-05-03T13:27:12","modified_gmt":"2018-05-03T13:27:12","slug":"responsabilitat-social-corporativa","status":"publish","type":"page","link":"https:\/\/grupotesco.com\/ca\/responsabilitat-social-corporativa\/","title":{"rendered":"RESPONSABILITAT SOCIAL CORPORATIVA"},"content":{"rendered":"<p><div class=\"fusion-fullwidth fullwidth-box fusion-builder-row-1 fusion-parallax-none nonhundred-percent-fullwidth non-hundred-percent-height-scrolling\" style=\"--awb-border-radius-top-left:0px;--awb-border-radius-top-right:0px;--awb-border-radius-bottom-right:0px;--awb-border-radius-bottom-left:0px;--awb-padding-top:60px;--awb-padding-bottom:60px;--awb-margin-top:0px;--awb-background-color:rgba(0,0,0,0);--awb-background-image:url(&quot;http:\/\/grupotesco.com\/wp-content\/uploads\/2018\/03\/rSC.png&quot;);--awb-background-size:cover;--awb-flex-wrap:wrap;\" ><div class=\"fusion-builder-row fusion-row\"><div class=\"fusion-layout-column fusion_builder_column fusion-builder-column-0 fusion_builder_column_1_4 1_4 fusion-one-fourth fusion-column-first\" style=\"--awb-bg-color:rgba(33,33,33,0);--awb-bg-color-hover:rgba(33,33,33,0);--awb-bg-size:cover;--awb-margin-bottom:0px;width:22%; margin-right: 4%;\"><div class=\"fusion-column-wrapper fusion-flex-column-wrapper-legacy\"><div class=\"fusion-image-element fusion-image-align-center in-legacy-container\" style=\"text-align:center;--awb-caption-title-font-family:var(--h2_typography-font-family);--awb-caption-title-font-weight:var(--h2_typography-font-weight);--awb-caption-title-font-style:var(--h2_typography-font-style);--awb-caption-title-size:var(--h2_typography-font-size);--awb-caption-title-transform:var(--h2_typography-text-transform);--awb-caption-title-line-height:var(--h2_typography-line-height);--awb-caption-title-letter-spacing:var(--h2_typography-letter-spacing);\"><div class=\"imageframe-align-center\"><span class=\" fusion-imageframe imageframe-none imageframe-1 hover-type-none\"><img decoding=\"async\" width=\"150\" height=\"150\" alt=\"Personas con discapacidad\" title=\"Personas con discapacidad\" src=\"http:\/\/grupotesco.com\/wp-content\/uploads\/2018\/03\/Imagen2-150x150.png\" class=\"img-responsive wp-image-2191\" srcset=\"https:\/\/grupotesco.com\/wp-content\/uploads\/2018\/03\/Imagen2-200x201.png 200w, https:\/\/grupotesco.com\/wp-content\/uploads\/2018\/03\/Imagen2.png 216w\" sizes=\"(max-width: 800px) 100vw, 150px\" \/><\/span><\/div><\/div><div class=\"fusion-text fusion-text-1\"><h3 style=\"text-align: center;\"><span style=\"color: #ffffff;\">Inserci\u00f3 de persones<\/span><br \/>\n<span style=\"color: #ffffff;\">amb discapacitat <\/span><\/h3>\n<\/div><div class=\"fusion-clearfix\"><\/div><\/div><\/div><div class=\"fusion-layout-column fusion_builder_column fusion-builder-column-1 fusion_builder_column_1_4 1_4 fusion-one-fourth\" style=\"--awb-bg-color:rgba(33,33,33,0);--awb-bg-color-hover:rgba(33,33,33,0);--awb-bg-size:cover;--awb-margin-bottom:0px;width:22%; margin-right: 4%;\"><div class=\"fusion-column-wrapper fusion-flex-column-wrapper-legacy\"><div class=\"fusion-image-element fusion-image-align-center in-legacy-container\" style=\"text-align:center;--awb-caption-title-font-family:var(--h2_typography-font-family);--awb-caption-title-font-weight:var(--h2_typography-font-weight);--awb-caption-title-font-style:var(--h2_typography-font-style);--awb-caption-title-size:var(--h2_typography-font-size);--awb-caption-title-transform:var(--h2_typography-text-transform);--awb-caption-title-line-height:var(--h2_typography-line-height);--awb-caption-title-letter-spacing:var(--h2_typography-letter-spacing);\"><div class=\"imageframe-align-center\"><span class=\" fusion-imageframe imageframe-none imageframe-2 hover-type-none\"><img decoding=\"async\" width=\"150\" height=\"150\" title=\"Imagen4\" src=\"http:\/\/grupotesco.com\/wp-content\/uploads\/2018\/03\/Imagen4-150x150.png\" alt class=\"img-responsive wp-image-507\" srcset=\"https:\/\/grupotesco.com\/wp-content\/uploads\/2018\/03\/Imagen4-200x200.png 200w, https:\/\/grupotesco.com\/wp-content\/uploads\/2018\/03\/Imagen4.png 216w\" sizes=\"(max-width: 800px) 100vw, 150px\" \/><\/span><\/div><\/div><div class=\"fusion-text fusion-text-2\"><h3 style=\"text-align: center;\"><span style=\"color: #ffffff;\">Respecte pel<\/span><br \/>\n<span style=\"color: #ffffff;\">medi Ambient <\/span><\/h3>\n<\/div><div class=\"fusion-clearfix\"><\/div><\/div><\/div><div class=\"fusion-layout-column fusion_builder_column fusion-builder-column-2 fusion_builder_column_1_4 1_4 fusion-one-fourth\" style=\"--awb-bg-color:rgba(33,33,33,0);--awb-bg-color-hover:rgba(33,33,33,0);--awb-bg-size:cover;--awb-margin-bottom:0px;width:22%; margin-right: 4%;\"><div class=\"fusion-column-wrapper fusion-flex-column-wrapper-legacy\"><div class=\"fusion-image-element fusion-image-align-center in-legacy-container\" style=\"text-align:center;--awb-caption-title-font-family:var(--h2_typography-font-family);--awb-caption-title-font-weight:var(--h2_typography-font-weight);--awb-caption-title-font-style:var(--h2_typography-font-style);--awb-caption-title-size:var(--h2_typography-font-size);--awb-caption-title-transform:var(--h2_typography-text-transform);--awb-caption-title-line-height:var(--h2_typography-line-height);--awb-caption-title-letter-spacing:var(--h2_typography-letter-spacing);\"><div class=\"imageframe-align-center\"><span class=\" fusion-imageframe imageframe-none imageframe-3 hover-type-none\"><img decoding=\"async\" width=\"150\" height=\"150\" title=\"Imagen5\" src=\"http:\/\/grupotesco.com\/wp-content\/uploads\/2018\/03\/Imagen5-150x150.png\" alt class=\"img-responsive wp-image-508\" srcset=\"https:\/\/grupotesco.com\/wp-content\/uploads\/2018\/03\/Imagen5-200x200.png 200w, https:\/\/grupotesco.com\/wp-content\/uploads\/2018\/03\/Imagen5.png 216w\" sizes=\"(max-width: 800px) 100vw, 150px\" \/><\/span><\/div><\/div><div class=\"fusion-text fusion-text-3\"><h3 style=\"text-align: center;\"><span style=\"color: #ffffff;\">Conciliaci\u00f3 de la<br \/>\nvida <\/span><span style=\"color: #ffffff;\">familiar i laboral<\/span><\/h3>\n<\/div><div class=\"fusion-clearfix\"><\/div><\/div><\/div><div class=\"fusion-layout-column fusion_builder_column fusion-builder-column-3 fusion_builder_column_1_4 1_4 fusion-one-fourth fusion-column-last\" style=\"--awb-padding-right:20px;--awb-bg-color:rgba(33,33,33,0);--awb-bg-color-hover:rgba(33,33,33,0);--awb-bg-size:cover;--awb-margin-bottom:0px;width:22%;\"><div class=\"fusion-column-wrapper fusion-flex-column-wrapper-legacy\"><div class=\"fusion-image-element fusion-image-align-center in-legacy-container\" style=\"text-align:center;--awb-caption-title-font-family:var(--h2_typography-font-family);--awb-caption-title-font-weight:var(--h2_typography-font-weight);--awb-caption-title-font-style:var(--h2_typography-font-style);--awb-caption-title-size:var(--h2_typography-font-size);--awb-caption-title-transform:var(--h2_typography-text-transform);--awb-caption-title-line-height:var(--h2_typography-line-height);--awb-caption-title-letter-spacing:var(--h2_typography-letter-spacing);\"><div class=\"imageframe-align-center\"><span class=\" fusion-imageframe imageframe-none imageframe-4 hover-type-none\"><img decoding=\"async\" width=\"150\" height=\"150\" alt=\"Multicultural\" title=\"Multicultural\" src=\"http:\/\/grupotesco.com\/wp-content\/uploads\/2018\/03\/Imagen3-150x150.png\" class=\"img-responsive wp-image-2194\" srcset=\"https:\/\/grupotesco.com\/wp-content\/uploads\/2018\/03\/Imagen3-200x200.png 200w, https:\/\/grupotesco.com\/wp-content\/uploads\/2018\/03\/Imagen3.png 216w\" sizes=\"(max-width: 800px) 100vw, 150px\" \/><\/span><\/div><\/div><div class=\"fusion-text fusion-text-4\"><h3 style=\"text-align: center;\"><span style=\"color: #ffffff;\">Integraci\u00f3 <\/span><br \/>\n<span style=\"color: #ffffff;\">Multicultural <\/span><\/h3>\n<\/div><div class=\"fusion-clearfix\"><\/div><\/div><\/div><\/div><\/div><div class=\"fusion-fullwidth fullwidth-box fusion-builder-row-2 nonhundred-percent-fullwidth non-hundred-percent-height-scrolling\" style=\"--awb-border-radius-top-left:0px;--awb-border-radius-top-right:0px;--awb-border-radius-bottom-right:0px;--awb-border-radius-bottom-left:0px;--awb-padding-right:60px;--awb-padding-left:60px;--awb-margin-top:60px;--awb-flex-wrap:wrap;\" ><div class=\"fusion-builder-row fusion-row\"><div class=\"fusion-layout-column fusion_builder_column fusion-builder-column-4 fusion_builder_column_1_1 1_1 fusion-one-full fusion-column-first fusion-column-last\" style=\"--awb-bg-size:cover;\"><div class=\"fusion-column-wrapper fusion-flex-column-wrapper-legacy\"><div class=\"fusion-text fusion-text-5\"><h2>Soms una empresa solid\u00e0ria<\/h2>\n<p>Degut al fet que la natura dels serveis que prestem Grupo TESCO\u00a0comporta l&#8217;\u00fas d&#8217;un gran volum de m\u00e0 d&#8217;obra,\u00a0col\u00b7laborem amb una associaci\u00f3 apostant per la inserci\u00f3 laboral de col\u00b7lectius en risc d&#8217;exclusi\u00f3 social i aturats de llarga durada.<\/p>\n<p>Per tot aix\u00f2, contractant Grupo TESCO prens part activa en la lluita contra la pobresa i les desigualtats socials; els nostres clients ja gaudeixen de la satisfacci\u00f3 de contribuir a millorar la vida de moltes persones.<\/p>\n<p>\u201cLes empreses s\u00f3n essencials en la construcci\u00f3 d&#8217;un m\u00f3n m\u00e9s just. En Grupo TESCO ens sentim moralment obligats a tornar a la societat part del que aquesta ens aporta\u201d\u00a0 Tom\u00e1s Riera\u00a0\u2013 \u00a0President executiu i fundador de Grupo TESCO<\/p>\n<\/div><div class=\"fusion-clearfix\"><\/div><\/div><\/div><\/div><\/div><\/p>\n","protected":false},"excerpt":{"rendered":"","protected":false},"author":1,"featured_media":0,"parent":0,"menu_order":0,"comment_status":"closed","ping_status":"closed","template":"100-width.php","meta":{"footnotes":""},"class_list":["post-1449","page","type-page","status-publish","hentry"],"yoast_head":"<!-- This site is optimized with the Yoast SEO plugin v26.7 - https:\/\/yoast.com\/wordpress\/plugins\/seo\/ -->\n<title>RESPONSABILITAT SOCIAL CORPORATIVA - Grupo Tesco<\/title>\n<meta name=\"robots\" content=\"index, follow, max-snippet:-1, max-image-preview:large, max-video-preview:-1\" \/>\n<link rel=\"canonical\" href=\"https:\/\/grupotesco.com\/ca\/responsabilitat-social-corporativa\/\" \/>\n<meta property=\"og:locale\" content=\"ca_ES\" \/>\n<meta property=\"og:type\" content=\"article\" \/>\n<meta property=\"og:title\" content=\"RESPONSABILITAT SOCIAL CORPORATIVA - Grupo Tesco\" \/>\n<meta property=\"og:url\" content=\"https:\/\/grupotesco.com\/ca\/responsabilitat-social-corporativa\/\" \/>\n<meta property=\"og:site_name\" content=\"Grupo Tesco\" \/>\n<meta property=\"article:publisher\" content=\"https:\/\/www.facebook.com\/GRUPOTESCOFMS\/\" \/>\n<meta property=\"article:modified_time\" content=\"2018-05-03T13:27:12+00:00\" \/>\n<meta name=\"twitter:card\" content=\"summary_large_image\" \/>\n<meta name=\"twitter:site\" content=\"@GRUPOTESCO\" \/>\n<meta name=\"twitter:label1\" content=\"Temps estimat de lectura\" \/>\n\t<meta name=\"twitter:data1\" content=\"5 minuts\" \/>\n<script type=\"application\/ld+json\" class=\"yoast-schema-graph\">{\"@context\":\"https:\/\/schema.org\",\"@graph\":[{\"@type\":\"WebPage\",\"@id\":\"https:\/\/grupotesco.com\/ca\/responsabilitat-social-corporativa\/\",\"url\":\"https:\/\/grupotesco.com\/ca\/responsabilitat-social-corporativa\/\",\"name\":\"RESPONSABILITAT SOCIAL CORPORATIVA - Grupo Tesco\",\"isPartOf\":{\"@id\":\"https:\/\/grupotesco.com\/#website\"},\"datePublished\":\"2018-03-14T11:52:55+00:00\",\"dateModified\":\"2018-05-03T13:27:12+00:00\",\"breadcrumb\":{\"@id\":\"https:\/\/grupotesco.com\/ca\/responsabilitat-social-corporativa\/#breadcrumb\"},\"inLanguage\":\"ca\",\"potentialAction\":[{\"@type\":\"ReadAction\",\"target\":[\"https:\/\/grupotesco.com\/ca\/responsabilitat-social-corporativa\/\"]}]},{\"@type\":\"BreadcrumbList\",\"@id\":\"https:\/\/grupotesco.com\/ca\/responsabilitat-social-corporativa\/#breadcrumb\",\"itemListElement\":[{\"@type\":\"ListItem\",\"position\":1,\"name\":\"Portada\",\"item\":\"https:\/\/grupotesco.com\/ca\/\"},{\"@type\":\"ListItem\",\"position\":2,\"name\":\"RESPONSABILITAT SOCIAL CORPORATIVA\"}]},{\"@type\":\"WebSite\",\"@id\":\"https:\/\/grupotesco.com\/#website\",\"url\":\"https:\/\/grupotesco.com\/\",\"name\":\"Grupo Tesco, servicios de limpieza\",\"description\":\"Facility Management &amp; Services\",\"publisher\":{\"@id\":\"https:\/\/grupotesco.com\/#organization\"},\"potentialAction\":[{\"@type\":\"SearchAction\",\"target\":{\"@type\":\"EntryPoint\",\"urlTemplate\":\"https:\/\/grupotesco.com\/?s={search_term_string}\"},\"query-input\":{\"@type\":\"PropertyValueSpecification\",\"valueRequired\":true,\"valueName\":\"search_term_string\"}}],\"inLanguage\":\"ca\"},{\"@type\":\"Organization\",\"@id\":\"https:\/\/grupotesco.com\/#organization\",\"name\":\"Grupo Tesco, servicios de limpieza\",\"url\":\"https:\/\/grupotesco.com\/\",\"logo\":{\"@type\":\"ImageObject\",\"inLanguage\":\"ca\",\"@id\":\"https:\/\/grupotesco.com\/#\/schema\/logo\/image\/\",\"url\":\"https:\/\/grupotesco.com\/wp-content\/uploads\/2018\/03\/emppresa-de-limpieza.jpg\",\"contentUrl\":\"https:\/\/grupotesco.com\/wp-content\/uploads\/2018\/03\/emppresa-de-limpieza.jpg\",\"width\":437,\"height\":120,\"caption\":\"Grupo Tesco, servicios de limpieza\"},\"image\":{\"@id\":\"https:\/\/grupotesco.com\/#\/schema\/logo\/image\/\"},\"sameAs\":[\"https:\/\/www.facebook.com\/GRUPOTESCOFMS\/\",\"https:\/\/x.com\/GRUPOTESCO\",\"https:\/\/www.linkedin.com\/company\/11229041\/\",\"https:\/\/www.youtube.com\/channel\/UC6uJD18fWugblAQjIkOAZnw\"]}]}<\/script>\n<!-- \/ Yoast SEO plugin. -->","yoast_head_json":{"title":"RESPONSABILITAT SOCIAL CORPORATIVA - Grupo Tesco","robots":{"index":"index","follow":"follow","max-snippet":"max-snippet:-1","max-image-preview":"max-image-preview:large","max-video-preview":"max-video-preview:-1"},"canonical":"https:\/\/grupotesco.com\/ca\/responsabilitat-social-corporativa\/","og_locale":"ca_ES","og_type":"article","og_title":"RESPONSABILITAT SOCIAL CORPORATIVA - Grupo Tesco","og_url":"https:\/\/grupotesco.com\/ca\/responsabilitat-social-corporativa\/","og_site_name":"Grupo Tesco","article_publisher":"https:\/\/www.facebook.com\/GRUPOTESCOFMS\/","article_modified_time":"2018-05-03T13:27:12+00:00","twitter_card":"summary_large_image","twitter_site":"@GRUPOTESCO","twitter_misc":{"Temps estimat de lectura":"5 minuts"},"schema":{"@context":"https:\/\/schema.org","@graph":[{"@type":"WebPage","@id":"https:\/\/grupotesco.com\/ca\/responsabilitat-social-corporativa\/","url":"https:\/\/grupotesco.com\/ca\/responsabilitat-social-corporativa\/","name":"RESPONSABILITAT SOCIAL CORPORATIVA - Grupo Tesco","isPartOf":{"@id":"https:\/\/grupotesco.com\/#website"},"datePublished":"2018-03-14T11:52:55+00:00","dateModified":"2018-05-03T13:27:12+00:00","breadcrumb":{"@id":"https:\/\/grupotesco.com\/ca\/responsabilitat-social-corporativa\/#breadcrumb"},"inLanguage":"ca","potentialAction":[{"@type":"ReadAction","target":["https:\/\/grupotesco.com\/ca\/responsabilitat-social-corporativa\/"]}]},{"@type":"BreadcrumbList","@id":"https:\/\/grupotesco.com\/ca\/responsabilitat-social-corporativa\/#breadcrumb","itemListElement":[{"@type":"ListItem","position":1,"name":"Portada","item":"https:\/\/grupotesco.com\/ca\/"},{"@type":"ListItem","position":2,"name":"RESPONSABILITAT SOCIAL CORPORATIVA"}]},{"@type":"WebSite","@id":"https:\/\/grupotesco.com\/#website","url":"https:\/\/grupotesco.com\/","name":"Grupo Tesco, servicios de limpieza","description":"Facility Management &amp; Services","publisher":{"@id":"https:\/\/grupotesco.com\/#organization"},"potentialAction":[{"@type":"SearchAction","target":{"@type":"EntryPoint","urlTemplate":"https:\/\/grupotesco.com\/?s={search_term_string}"},"query-input":{"@type":"PropertyValueSpecification","valueRequired":true,"valueName":"search_term_string"}}],"inLanguage":"ca"},{"@type":"Organization","@id":"https:\/\/grupotesco.com\/#organization","name":"Grupo Tesco, servicios de limpieza","url":"https:\/\/grupotesco.com\/","logo":{"@type":"ImageObject","inLanguage":"ca","@id":"https:\/\/grupotesco.com\/#\/schema\/logo\/image\/","url":"https:\/\/grupotesco.com\/wp-content\/uploads\/2018\/03\/emppresa-de-limpieza.jpg","contentUrl":"https:\/\/grupotesco.com\/wp-content\/uploads\/2018\/03\/emppresa-de-limpieza.jpg","width":437,"height":120,"caption":"Grupo Tesco, servicios de limpieza"},"image":{"@id":"https:\/\/grupotesco.com\/#\/schema\/logo\/image\/"},"sameAs":["https:\/\/www.facebook.com\/GRUPOTESCOFMS\/","https:\/\/x.com\/GRUPOTESCO","https:\/\/www.linkedin.com\/company\/11229041\/","https:\/\/www.youtube.com\/channel\/UC6uJD18fWugblAQjIkOAZnw"]}]}},"_links":{"self":[{"href":"https:\/\/grupotesco.com\/ca\/wp-json\/wp\/v2\/pages\/1449\/"}],"collection":[{"href":"https:\/\/grupotesco.com\/ca\/wp-json\/wp\/v2\/pages\/"}],"about":[{"href":"https:\/\/grupotesco.com\/ca\/wp-json\/wp\/v2\/types\/page\/"}],"author":[{"embeddable":true,"href":"https:\/\/grupotesco.com\/ca\/wp-json\/wp\/v2\/users\/1\/"}],"replies":[{"embeddable":true,"href":"https:\/\/grupotesco.com\/ca\/wp-json\/wp\/v2\/comments\/?post=1449"}],"version-history":[{"count":1,"href":"https:\/\/grupotesco.com\/ca\/wp-json\/wp\/v2\/pages\/1449\/revisions\/"}],"predecessor-version":[{"id":3108,"href":"https:\/\/grupotesco.com\/ca\/wp-json\/wp\/v2\/pages\/1449\/revisions\/3108\/"}],"wp:attachment":[{"href":"https:\/\/grupotesco.com\/ca\/wp-json\/wp\/v2\/media\/?parent=1449"}],"curies":[{"name":"wp","href":"https:\/\/api.w.org\/{rel}","templated":true}]}}